{"id":274,"date":"2023-09-17T08:48:34","date_gmt":"2023-09-17T08:48:34","guid":{"rendered":"http:\/\/vocaljazzduo.de\/?page_id=274"},"modified":"2024-08-24T07:53:16","modified_gmt":"2024-08-24T07:53:16","slug":"andreas-gaebel","status":"publish","type":"page","link":"http:\/\/vocaljazzduo.de\/?page_id=274","title":{"rendered":"Andreas G\u00e4bel"},"content":{"rendered":"\n<figure class=\"wp-block-image size-large\"><img loading=\"lazy\" decoding=\"async\" width=\"1024\" height=\"682\" src=\"http:\/\/vocaljazzduo.de\/wp-content\/uploads\/2022\/08\/DB106082-1024x682.jpg\" alt=\"\" class=\"wp-image-93\" srcset=\"http:\/\/vocaljazzduo.de\/wp-content\/uploads\/2022\/08\/DB106082-1024x682.jpg 1024w, http:\/\/vocaljazzduo.de\/wp-content\/uploads\/2022\/08\/DB106082-300x200.jpg 300w, http:\/\/vocaljazzduo.de\/wp-content\/uploads\/2022\/08\/DB106082-768x512.jpg 768w, http:\/\/vocaljazzduo.de\/wp-content\/uploads\/2022\/08\/DB106082-1536x1024.jpg 1536w, http:\/\/vocaljazzduo.de\/wp-content\/uploads\/2022\/08\/DB106082.jpg 2000w\" sizes=\"auto, (max-width: 1024px) 100vw, 1024px\" \/><\/figure>\n\n\n\n<h2 class=\"wp-block-heading has-x-large-font-size\" style=\"font-style:normal;font-weight:300\">Andreas G\u00e4bel (Guitar)<\/h2>\n\n\n\n<p class=\"has-black-color has-text-color has-medium-font-size\">Andreas G\u00e4bel kam schon fr\u00fch mit dem Musikgesch\u00e4ft in Ber\u00fchrung: bereits 1983 spielte er mit Musikern der Rias-Big-Band und anderen namhaften Bands der Berliner Musikszene, ab 1986 nahm er regelm\u00e4\u00dfig an Studioaufnahmen teil<\/p>\n\n\n\n<p class=\"has-black-color has-text-color has-medium-font-size\">Seit Ende der 80er Jahre arbeitet Andreas G\u00e4bel als Gitarrist, seitdem hat er mit K\u00fcnstlern, wie z.B. Caterina Valente, Dionne Warwick, Udo J\u00fcrgens, Eartha Kitt, Liza Minnelli. sowie mit Bands und Orchestern, wie der Big Band des Hessischen Rundfunks (FFM) zusammengearbeitet.  <\/p>\n\n\n\n<p class=\"has-black-color has-text-color has-medium-font-size\">Seit 2002 ist er Gitarrist und Bandleader der bekannten Jazz- &amp; SwingBand &#8222;STAND-ARTS&#8220; <\/p>\n","protected":false},"excerpt":{"rendered":"<p>Andreas G\u00e4bel (Guitar) Andreas G\u00e4bel kam schon fr\u00fch mit dem Musikgesch\u00e4ft in Ber\u00fchrung: bereits 1983 spielte er mit Musikern der Rias-Big-Band und anderen namhaften Bands der Berliner Musikszene, ab 1986 nahm er regelm\u00e4\u00dfig an Studioaufnahmen teil Seit Ende der 80er Jahre arbeitet Andreas G\u00e4bel als Gitarrist, seitdem hat er mit K\u00fcnstlern, wie z.B. Caterina Valente, [&hellip;]<\/p>\n","protected":false},"author":1,"featured_media":0,"parent":0,"menu_order":0,"comment_status":"closed","ping_status":"closed","template":"","meta":{"om_disable_all_campaigns":false,"_monsterinsights_skip_tracking":false,"_monsterinsights_sitenote_active":false,"_monsterinsights_sitenote_note":"","_monsterinsights_sitenote_category":0,"footnotes":""},"class_list":["post-274","page","type-page","status-publish","hentry","post"],"aioseo_notices":[],"_links":{"self":[{"href":"http:\/\/vocaljazzduo.de\/index.php?rest_route=\/wp\/v2\/pages\/274","targetHints":{"allow":["GET"]}}],"collection":[{"href":"http:\/\/vocaljazzduo.de\/index.php?rest_route=\/wp\/v2\/pages"}],"about":[{"href":"http:\/\/vocaljazzduo.de\/index.php?rest_route=\/wp\/v2\/types\/page"}],"author":[{"embeddable":true,"href":"http:\/\/vocaljazzduo.de\/index.php?rest_route=\/wp\/v2\/users\/1"}],"replies":[{"embeddable":true,"href":"http:\/\/vocaljazzduo.de\/index.php?rest_route=%2Fwp%2Fv2%2Fcomments&post=274"}],"version-history":[{"count":7,"href":"http:\/\/vocaljazzduo.de\/index.php?rest_route=\/wp\/v2\/pages\/274\/revisions"}],"predecessor-version":[{"id":495,"href":"http:\/\/vocaljazzduo.de\/index.php?rest_route=\/wp\/v2\/pages\/274\/revisions\/495"}],"wp:attachment":[{"href":"http:\/\/vocaljazzduo.de\/index.php?rest_route=%2Fwp%2Fv2%2Fmedia&parent=274"}],"curies":[{"name":"wp","href":"https:\/\/api.w.org\/{rel}","templated":true}]}}